{"id":28,"date":"2020-01-17T11:22:38","date_gmt":"2020-01-17T10:22:38","guid":{"rendered":"https:\/\/barometremobilites-quotidien.org\/?page_id=28"},"modified":"2024-09-18T17:48:13","modified_gmt":"2024-09-18T15:48:13","slug":"qui-sommes-nous","status":"publish","type":"page","link":"https:\/\/barometremobilites-quotidien.org\/index.php\/qui-sommes-nous\/","title":{"rendered":"Qui sommes-nous ?"},"content":{"rendered":"\t\t<div data-elementor-type=\"wp-page\" data-elementor-id=\"28\" class=\"elementor elementor-28\">\n\t\t\t\t\t\t<section class=\"elementor-section elementor-top-section elementor-element elementor-element-661621e elementor-section-boxed elementor-section-height-default elementor-section-height-default\" data-id=\"661621e\" data-element_type=\"section\">\n\t\t\t\t\t\t<div class=\"elementor-container elementor-column-gap-default\">\n\t\t\t\t\t<div class=\"elementor-column elementor-col-100 elementor-top-column elementor-element elementor-element-12464ba\" data-id=\"12464ba\" data-element_type=\"column\">\n\t\t\t<div class=\"elementor-widget-wrap elementor-element-populated\">\n\t\t\t\t\t\t<div class=\"elementor-element elementor-element-daa13f5 elementor-widget elementor-widget-heading\" data-id=\"daa13f5\" data-element_type=\"widget\" data-widget_type=\"heading.default\">\n\t\t\t\t<div class=\"elementor-widget-container\">\n\t\t\t<h3 class=\"elementor-heading-title elementor-size-default\">Un nouveau groupement de partenaires pour l'\u00e9dition 2024<\/h3>\t\t<\/div>\n\t\t\t\t<\/div>\n\t\t\t\t\t<\/div>\n\t\t<\/div>\n\t\t\t\t\t<\/div>\n\t\t<\/section>\n\t\t\t\t<section class=\"elementor-section elementor-top-section elementor-element elementor-element-1579556 elementor-section-boxed elementor-section-height-default elementor-section-height-default\" data-id=\"1579556\" data-element_type=\"section\">\n\t\t\t\t\t\t<div class=\"elementor-container elementor-column-gap-default\">\n\t\t\t\t\t<div class=\"elementor-column elementor-col-50 elementor-top-column elementor-element elementor-element-c384324\" data-id=\"c384324\" data-element_type=\"column\">\n\t\t\t<div class=\"elementor-widget-wrap elementor-element-populated\">\n\t\t\t\t\t\t<div class=\"elementor-element elementor-element-97333e8 elementor-widget elementor-widget-image\" data-id=\"97333e8\" data-element_type=\"widget\" data-widget_type=\"image.default\">\n\t\t\t\t<div class=\"elementor-widget-container\">\n\t\t\t\t\t\t\t\t\t\t\t\t\t\t<a href=\"https:\/\/www.wimoov.org\/\">\n\t\t\t\t\t\t\t<img decoding=\"async\" width=\"150\" height=\"150\" src=\"https:\/\/barometremobilites-quotidien.org\/wp-content\/uploads\/2024\/05\/Wimoov_Logo_SOS-CMJN-Micro-150x150.png\" class=\"attachment-thumbnail size-thumbnail wp-image-1076\" alt=\"Logo Wimoov\" srcset=\"https:\/\/barometremobilites-quotidien.org\/wp-content\/uploads\/2024\/05\/Wimoov_Logo_SOS-CMJN-Micro-150x150.png 150w, https:\/\/barometremobilites-quotidien.org\/wp-content\/uploads\/2024\/05\/Wimoov_Logo_SOS-CMJN-Micro-510x510.png 510w\" sizes=\"(max-width: 150px) 100vw, 150px\" \/>\t\t\t\t\t\t\t\t<\/a>\n\t\t\t\t\t\t\t\t\t\t\t\t\t<\/div>\n\t\t\t\t<\/div>\n\t\t\t\t\t<\/div>\n\t\t<\/div>\n\t\t\t\t<div class=\"elementor-column elementor-col-50 elementor-top-column elementor-element elementor-element-72412a4\" data-id=\"72412a4\" data-element_type=\"column\">\n\t\t\t<div class=\"elementor-widget-wrap elementor-element-populated\">\n\t\t\t\t\t\t<div class=\"elementor-element elementor-element-06aee7c elementor-widget elementor-widget-text-editor\" data-id=\"06aee7c\" data-element_type=\"widget\" data-widget_type=\"text-editor.default\">\n\t\t\t\t<div class=\"elementor-widget-container\">\n\t\t\t\t\t\t\t<p>Depuis 25 ans, Wimoov porte le sujet d\u2019une <strong>mobilit\u00e9 durable et inclusive<\/strong>, c\u2019est-\u00e0-dire pens\u00e9e pour toutes les personnes en situation de fragilit\u00e9, en agissant sur les freins cognitifs, mat\u00e9riels ou financiers. Implant\u00e9es au c\u0153ur de 10 r\u00e9gions et de leurs bassins d\u2019emploi, ce sont 250 personnes qui agissent en faveur d\u2019un retour \u00e0 l\u2019emploi ou \u00e0 la formation dans 48 % des cas, tout en r\u00e9duisant la consommation d\u2019\u00e9nergie des b\u00e9n\u00e9ficaires de 33 %. Structure du Groupe SOS, l&rsquo;association est soutenue par ses 1 000 partenaires nationaux et op\u00e9rationnels.<\/p><p><strong>Contact : <\/strong><a href=\"lilou.heas@wimoov.org\"><strong>Lilou HEAS<\/strong><\/a><\/p>\t\t\t\t\t\t<\/div>\n\t\t\t\t<\/div>\n\t\t\t\t\t<\/div>\n\t\t<\/div>\n\t\t\t\t\t<\/div>\n\t\t<\/section>\n\t\t\t\t<section class=\"elementor-section elementor-top-section elementor-element elementor-element-820b782 elementor-section-boxed elementor-section-height-default elementor-section-height-default\" data-id=\"820b782\" data-element_type=\"section\">\n\t\t\t\t\t\t<div class=\"elementor-container elementor-column-gap-default\">\n\t\t\t\t\t<div class=\"elementor-column elementor-col-100 elementor-top-column elementor-element elementor-element-7d27861\" data-id=\"7d27861\" data-element_type=\"column\">\n\t\t\t<div class=\"elementor-widget-wrap elementor-element-populated\">\n\t\t\t\t\t\t<div class=\"elementor-element elementor-element-9e2962e elementor-widget-divider--view-line elementor-widget elementor-widget-divider\" data-id=\"9e2962e\" data-element_type=\"widget\" data-widget_type=\"divider.default\">\n\t\t\t\t<div class=\"elementor-widget-container\">\n\t\t\t\t\t<div class=\"elementor-divider\">\n\t\t\t<span class=\"elementor-divider-separator\">\n\t\t\t\t\t\t<\/span>\n\t\t<\/div>\n\t\t\t\t<\/div>\n\t\t\t\t<\/div>\n\t\t\t\t\t<\/div>\n\t\t<\/div>\n\t\t\t\t\t<\/div>\n\t\t<\/section>\n\t\t\t\t<section class=\"elementor-section elementor-top-section elementor-element elementor-element-7502b45 elementor-section-boxed elementor-section-height-default elementor-section-height-default\" data-id=\"7502b45\" data-element_type=\"section\">\n\t\t\t\t\t\t<div class=\"elementor-container elementor-column-gap-default\">\n\t\t\t\t\t<div class=\"elementor-column elementor-col-50 elementor-top-column elementor-element elementor-element-acfa6e3\" data-id=\"acfa6e3\" data-element_type=\"column\">\n\t\t\t<div class=\"elementor-widget-wrap elementor-element-populated\">\n\t\t\t\t\t\t<div class=\"elementor-element elementor-element-1f93665 elementor-widget elementor-widget-image\" data-id=\"1f93665\" data-element_type=\"widget\" data-widget_type=\"image.default\">\n\t\t\t\t<div class=\"elementor-widget-container\">\n\t\t\t\t\t\t\t\t\t\t\t\t\t\t<a href=\"https:\/\/www.ademe.fr\/\">\n\t\t\t\t\t\t\t<img decoding=\"async\" width=\"150\" height=\"150\" src=\"https:\/\/barometremobilites-quotidien.org\/wp-content\/uploads\/2024\/05\/LOGO-ADEME-150x150.png\" class=\"attachment-thumbnail size-thumbnail wp-image-1078\" alt=\"LOGO ADEME (Agence de la transition \u00e9cologique)\" \/>\t\t\t\t\t\t\t\t<\/a>\n\t\t\t\t\t\t\t\t\t\t\t\t\t<\/div>\n\t\t\t\t<\/div>\n\t\t\t\t\t<\/div>\n\t\t<\/div>\n\t\t\t\t<div class=\"elementor-column elementor-col-50 elementor-top-column elementor-element elementor-element-2023a88\" data-id=\"2023a88\" data-element_type=\"column\">\n\t\t\t<div class=\"elementor-widget-wrap elementor-element-populated\">\n\t\t\t\t\t\t<div class=\"elementor-element elementor-element-cf5657b elementor-widget elementor-widget-text-editor\" data-id=\"cf5657b\" data-element_type=\"widget\" data-widget_type=\"text-editor.default\">\n\t\t\t\t<div class=\"elementor-widget-container\">\n\t\t\t\t\t\t\t<p>Engag\u00e9e depuis 30\u00a0ans dans la lutte contre le changement climatique et la d\u00e9gradation des ressources, l\u2019ADEME est <strong>r\u00e9solue \u00e0 faire bouger les lignes pour b\u00e2tir une soci\u00e9t\u00e9 plus sobre et solidaire<\/strong>. Nous nous mettons au service de tous les acteurs (\u00c9tat, entreprises, collectivit\u00e9s, citoyens) pour acc\u00e9l\u00e9rer la baisse de notre consommation d\u2019\u00e9nergie, d\u00e9velopper les \u00e9nergies renouvelables et r\u00e9duire les \u00e9missions de gaz \u00e0 effet de serre.<\/p>\t\t\t\t\t\t<\/div>\n\t\t\t\t<\/div>\n\t\t\t\t\t<\/div>\n\t\t<\/div>\n\t\t\t\t\t<\/div>\n\t\t<\/section>\n\t\t\t\t<section class=\"elementor-section elementor-top-section elementor-element elementor-element-8b60380 elementor-section-boxed elementor-section-height-default elementor-section-height-default\" data-id=\"8b60380\" data-element_type=\"section\">\n\t\t\t\t\t\t<div class=\"elementor-container elementor-column-gap-default\">\n\t\t\t\t\t<div class=\"elementor-column elementor-col-100 elementor-top-column elementor-element elementor-element-8ff1791\" data-id=\"8ff1791\" data-element_type=\"column\">\n\t\t\t<div class=\"elementor-widget-wrap elementor-element-populated\">\n\t\t\t\t\t\t<div class=\"elementor-element elementor-element-fa28238 elementor-widget-divider--view-line elementor-widget elementor-widget-divider\" data-id=\"fa28238\" data-element_type=\"widget\" data-widget_type=\"divider.default\">\n\t\t\t\t<div class=\"elementor-widget-container\">\n\t\t\t\t\t<div class=\"elementor-divider\">\n\t\t\t<span class=\"elementor-divider-separator\">\n\t\t\t\t\t\t<\/span>\n\t\t<\/div>\n\t\t\t\t<\/div>\n\t\t\t\t<\/div>\n\t\t\t\t\t<\/div>\n\t\t<\/div>\n\t\t\t\t\t<\/div>\n\t\t<\/section>\n\t\t\t\t<section class=\"elementor-section elementor-top-section elementor-element elementor-element-5f2ff77 elementor-section-boxed elementor-section-height-default elementor-section-height-default\" data-id=\"5f2ff77\" data-element_type=\"section\">\n\t\t\t\t\t\t<div class=\"elementor-container elementor-column-gap-default\">\n\t\t\t\t\t<div class=\"elementor-column elementor-col-50 elementor-top-column elementor-element elementor-element-a06dac9\" data-id=\"a06dac9\" data-element_type=\"column\">\n\t\t\t<div class=\"elementor-widget-wrap elementor-element-populated\">\n\t\t\t\t\t\t<div class=\"elementor-element elementor-element-85ffbe6 elementor-widget elementor-widget-image\" data-id=\"85ffbe6\" data-element_type=\"widget\" data-widget_type=\"image.default\">\n\t\t\t\t<div class=\"elementor-widget-container\">\n\t\t\t\t\t\t\t\t\t\t\t\t\t\t<a href=\"https:\/\/www.ecologie.gouv.fr\/direction-generale-des-infrastructures-des-transports-et-des-mobilites-dgitm\">\n\t\t\t\t\t\t\t<img decoding=\"async\" width=\"150\" height=\"150\" src=\"https:\/\/barometremobilites-quotidien.org\/wp-content\/uploads\/2024\/05\/Logo-Ministere-des-transports-150x150.png\" class=\"attachment-thumbnail size-thumbnail wp-image-1079\" alt=\"Logo Minist\u00e8re des transports\" \/>\t\t\t\t\t\t\t\t<\/a>\n\t\t\t\t\t\t\t\t\t\t\t\t\t<\/div>\n\t\t\t\t<\/div>\n\t\t\t\t\t<\/div>\n\t\t<\/div>\n\t\t\t\t<div class=\"elementor-column elementor-col-50 elementor-top-column elementor-element elementor-element-3ad603f\" data-id=\"3ad603f\" data-element_type=\"column\">\n\t\t\t<div class=\"elementor-widget-wrap elementor-element-populated\">\n\t\t\t\t\t\t<div class=\"elementor-element elementor-element-d95ab0e elementor-widget elementor-widget-text-editor\" data-id=\"d95ab0e\" data-element_type=\"widget\" data-widget_type=\"text-editor.default\">\n\t\t\t\t<div class=\"elementor-widget-container\">\n\t\t\t\t\t\t\t<p>La direction g\u00e9n\u00e9rale des infrastructures, des transports et des mobilit\u00e9s (DGITM) est une organisation du minist\u00e8re de la transition \u00e9cologique et de la coh\u00e9sion des territoires. Elle pr\u00e9pare et <strong>met en \u0153uvre la politique nationale des transports<\/strong> terrestres et fluviaux. La DGITM s\u2019inscrit dans la dynamique du d\u00e9veloppement durable et de la transition \u00e9nerg\u00e9tique favorisant les modes et les usages les plus respectueux de l\u2019environnement, dans leurs domaines de pertinence.<\/p>\t\t\t\t\t\t<\/div>\n\t\t\t\t<\/div>\n\t\t\t\t\t<\/div>\n\t\t<\/div>\n\t\t\t\t\t<\/div>\n\t\t<\/section>\n\t\t\t\t<section class=\"elementor-section elementor-top-section elementor-element elementor-element-33bd433 elementor-section-boxed elementor-section-height-default elementor-section-height-default\" data-id=\"33bd433\" data-element_type=\"section\">\n\t\t\t\t\t\t<div class=\"elementor-container elementor-column-gap-default\">\n\t\t\t\t\t<div class=\"elementor-column elementor-col-100 elementor-top-column elementor-element elementor-element-799d5a5\" data-id=\"799d5a5\" data-element_type=\"column\">\n\t\t\t<div class=\"elementor-widget-wrap elementor-element-populated\">\n\t\t\t\t\t\t<div class=\"elementor-element elementor-element-dba9b22 elementor-widget-divider--view-line elementor-widget elementor-widget-divider\" data-id=\"dba9b22\" data-element_type=\"widget\" data-widget_type=\"divider.default\">\n\t\t\t\t<div class=\"elementor-widget-container\">\n\t\t\t\t\t<div class=\"elementor-divider\">\n\t\t\t<span class=\"elementor-divider-separator\">\n\t\t\t\t\t\t<\/span>\n\t\t<\/div>\n\t\t\t\t<\/div>\n\t\t\t\t<\/div>\n\t\t\t\t\t<\/div>\n\t\t<\/div>\n\t\t\t\t\t<\/div>\n\t\t<\/section>\n\t\t\t\t<section class=\"elementor-section elementor-top-section elementor-element elementor-element-049e8ba elementor-section-boxed elementor-section-height-default elementor-section-height-default\" data-id=\"049e8ba\" data-element_type=\"section\">\n\t\t\t\t\t\t<div class=\"elementor-container elementor-column-gap-default\">\n\t\t\t\t\t<div class=\"elementor-column elementor-col-50 elementor-top-column elementor-element elementor-element-b745bf0\" data-id=\"b745bf0\" data-element_type=\"column\">\n\t\t\t<div class=\"elementor-widget-wrap elementor-element-populated\">\n\t\t\t\t\t\t<div class=\"elementor-element elementor-element-85100a0 elementor-widget elementor-widget-image\" data-id=\"85100a0\" data-element_type=\"widget\" data-widget_type=\"image.default\">\n\t\t\t\t<div class=\"elementor-widget-container\">\n\t\t\t\t\t\t\t\t\t\t\t\t\t\t<a href=\"https:\/\/www.groupe-sncf.com\/fr\">\n\t\t\t\t\t\t\t<img loading=\"lazy\" decoding=\"async\" width=\"150\" height=\"150\" src=\"https:\/\/barometremobilites-quotidien.org\/wp-content\/uploads\/2024\/05\/Logo-SNCF-1-150x150.jpg\" class=\"attachment-thumbnail size-thumbnail wp-image-1081\" alt=\"Logo SNCF Groupe (Soci\u00e9t\u00e9 nationale des chemins de fer)\" srcset=\"https:\/\/barometremobilites-quotidien.org\/wp-content\/uploads\/2024\/05\/Logo-SNCF-1-150x150.jpg 150w, https:\/\/barometremobilites-quotidien.org\/wp-content\/uploads\/2024\/05\/Logo-SNCF-1.jpg 225w\" sizes=\"(max-width: 150px) 100vw, 150px\" \/>\t\t\t\t\t\t\t\t<\/a>\n\t\t\t\t\t\t\t\t\t\t\t\t\t<\/div>\n\t\t\t\t<\/div>\n\t\t\t\t\t<\/div>\n\t\t<\/div>\n\t\t\t\t<div class=\"elementor-column elementor-col-50 elementor-top-column elementor-element elementor-element-dcb39f1\" data-id=\"dcb39f1\" data-element_type=\"column\">\n\t\t\t<div class=\"elementor-widget-wrap elementor-element-populated\">\n\t\t\t\t\t\t<div class=\"elementor-element elementor-element-7bd992c elementor-widget elementor-widget-text-editor\" data-id=\"7bd992c\" data-element_type=\"widget\" data-widget_type=\"text-editor.default\">\n\t\t\t\t<div class=\"elementor-widget-container\">\n\t\t\t\t\t\t\t<p>Le Groupe SNCF a pour mission de contribuer \u00e0 la vitalit\u00e9 de la soci\u00e9t\u00e9 et de ses territoires. Nous offrons des services de transport indispensables au <strong>dynamisme \u00e9conomique et au lien social<\/strong>, indispensables au d\u00e9veloppement des territoires comme au bien-\u00eatre de leurs habitants au quotidien, indispensables enfin pour r\u00e9ussir la transition \u00e9cologique.<\/p>\t\t\t\t\t\t<\/div>\n\t\t\t\t<\/div>\n\t\t\t\t\t<\/div>\n\t\t<\/div>\n\t\t\t\t\t<\/div>\n\t\t<\/section>\n\t\t\t\t<section class=\"elementor-section elementor-top-section elementor-element elementor-element-d7dc555 elementor-section-boxed elementor-section-height-default elementor-section-height-default\" data-id=\"d7dc555\" data-element_type=\"section\">\n\t\t\t\t\t\t<div class=\"elementor-container elementor-column-gap-default\">\n\t\t\t\t\t<div class=\"elementor-column elementor-col-100 elementor-top-column elementor-element elementor-element-a4c4ad0\" data-id=\"a4c4ad0\" data-element_type=\"column\">\n\t\t\t<div class=\"elementor-widget-wrap elementor-element-populated\">\n\t\t\t\t\t\t<div class=\"elementor-element elementor-element-177988c elementor-widget-divider--view-line elementor-widget elementor-widget-divider\" data-id=\"177988c\" data-element_type=\"widget\" data-widget_type=\"divider.default\">\n\t\t\t\t<div class=\"elementor-widget-container\">\n\t\t\t\t\t<div class=\"elementor-divider\">\n\t\t\t<span class=\"elementor-divider-separator\">\n\t\t\t\t\t\t<\/span>\n\t\t<\/div>\n\t\t\t\t<\/div>\n\t\t\t\t<\/div>\n\t\t\t\t\t<\/div>\n\t\t<\/div>\n\t\t\t\t\t<\/div>\n\t\t<\/section>\n\t\t\t\t<section class=\"elementor-section elementor-top-section elementor-element elementor-element-54cc0c4 elementor-section-boxed elementor-section-height-default elementor-section-height-default\" data-id=\"54cc0c4\" data-element_type=\"section\">\n\t\t\t\t\t\t<div class=\"elementor-container elementor-column-gap-default\">\n\t\t\t\t\t<div class=\"elementor-column elementor-col-50 elementor-top-column elementor-element elementor-element-a2360c9\" data-id=\"a2360c9\" data-element_type=\"column\">\n\t\t\t<div class=\"elementor-widget-wrap elementor-element-populated\">\n\t\t\t\t\t\t<div class=\"elementor-element elementor-element-6ee1fe4 elementor-widget elementor-widget-image\" data-id=\"6ee1fe4\" data-element_type=\"widget\" data-widget_type=\"image.default\">\n\t\t\t\t<div class=\"elementor-widget-container\">\n\t\t\t\t\t\t\t\t\t\t\t\t\t\t<a href=\"https:\/\/www.macif.fr\/\">\n\t\t\t\t\t\t\t<img decoding=\"async\" src=\"https:\/\/barometremobilites-quotidien.org\/wp-content\/uploads\/elementor\/thumbs\/MACIF-logo-qox9y3dkcc00am7urnocdcagloyxujnfb84qjxd4h4.png\" title=\"MACIF logo\" alt=\"MACIF logo\" loading=\"lazy\" \/>\t\t\t\t\t\t\t\t<\/a>\n\t\t\t\t\t\t\t\t\t\t\t\t\t<\/div>\n\t\t\t\t<\/div>\n\t\t\t\t\t<\/div>\n\t\t<\/div>\n\t\t\t\t<div class=\"elementor-column elementor-col-50 elementor-top-column elementor-element elementor-element-ca6e145\" data-id=\"ca6e145\" data-element_type=\"column\">\n\t\t\t<div class=\"elementor-widget-wrap elementor-element-populated\">\n\t\t\t\t\t\t<div class=\"elementor-element elementor-element-f49cee2 elementor-widget elementor-widget-text-editor\" data-id=\"f49cee2\" data-element_type=\"widget\" data-widget_type=\"text-editor.default\">\n\t\t\t\t<div class=\"elementor-widget-container\">\n\t\t\t\t\t\t\t<p><strong>Assurance multi-m\u00e9tiers <\/strong><strong>aux valeurs mutualistes<\/strong>, la Macif r\u00e9unit \u00a05,8 millions de soci\u00e9taires-clients et adh\u00e9rents qui mutualisent leurs risques pour prot\u00e9ger ce qui est essentiel \u00e0 chacun : sa vie, ses proches, ses biens. Entreprise citoyenne et engag\u00e9e, elle construit depuis plus de 60 ans une relation de confiance durable avec ses soci\u00e9taires-clients et adh\u00e9rents.<\/p>\t\t\t\t\t\t<\/div>\n\t\t\t\t<\/div>\n\t\t\t\t\t<\/div>\n\t\t<\/div>\n\t\t\t\t\t<\/div>\n\t\t<\/section>\n\t\t\t\t<section class=\"elementor-section elementor-top-section elementor-element elementor-element-4e186ec elementor-section-boxed elementor-section-height-default elementor-section-height-default\" data-id=\"4e186ec\" data-element_type=\"section\">\n\t\t\t\t\t\t<div class=\"elementor-container elementor-column-gap-default\">\n\t\t\t\t\t<div class=\"elementor-column elementor-col-100 elementor-top-column elementor-element elementor-element-3087f3f\" data-id=\"3087f3f\" data-element_type=\"column\">\n\t\t\t<div class=\"elementor-widget-wrap elementor-element-populated\">\n\t\t\t\t\t\t<div class=\"elementor-element elementor-element-78b55de elementor-widget-divider--view-line elementor-widget elementor-widget-divider\" data-id=\"78b55de\" data-element_type=\"widget\" data-widget_type=\"divider.default\">\n\t\t\t\t<div class=\"elementor-widget-container\">\n\t\t\t\t\t<div class=\"elementor-divider\">\n\t\t\t<span class=\"elementor-divider-separator\">\n\t\t\t\t\t\t<\/span>\n\t\t<\/div>\n\t\t\t\t<\/div>\n\t\t\t\t<\/div>\n\t\t\t\t\t<\/div>\n\t\t<\/div>\n\t\t\t\t\t<\/div>\n\t\t<\/section>\n\t\t\t\t<section class=\"elementor-section elementor-top-section elementor-element elementor-element-50d781b elementor-section-boxed elementor-section-height-default elementor-section-height-default\" data-id=\"50d781b\" data-element_type=\"section\">\n\t\t\t\t\t\t<div class=\"elementor-container elementor-column-gap-default\">\n\t\t\t\t\t<div class=\"elementor-column elementor-col-50 elementor-top-column elementor-element elementor-element-788af0e\" data-id=\"788af0e\" data-element_type=\"column\">\n\t\t\t<div class=\"elementor-widget-wrap elementor-element-populated\">\n\t\t\t\t\t\t<div class=\"elementor-element elementor-element-8762172 elementor-widget elementor-widget-image\" data-id=\"8762172\" data-element_type=\"widget\" data-widget_type=\"image.default\">\n\t\t\t\t<div class=\"elementor-widget-container\">\n\t\t\t\t\t\t\t\t\t\t\t\t\t\t<a href=\"https:\/\/www.auxilia-conseil.com\/\">\n\t\t\t\t\t\t\t<img loading=\"lazy\" decoding=\"async\" width=\"300\" height=\"142\" src=\"https:\/\/barometremobilites-quotidien.org\/wp-content\/uploads\/2024\/05\/Auxilia_Logo_SOS_RVB-300x142.png\" class=\"attachment-medium size-medium wp-image-1083\" alt=\"Logo Auxilia conseil\" srcset=\"https:\/\/barometremobilites-quotidien.org\/wp-content\/uploads\/2024\/05\/Auxilia_Logo_SOS_RVB-300x142.png 300w, https:\/\/barometremobilites-quotidien.org\/wp-content\/uploads\/2024\/05\/Auxilia_Logo_SOS_RVB-1024x485.png 1024w, https:\/\/barometremobilites-quotidien.org\/wp-content\/uploads\/2024\/05\/Auxilia_Logo_SOS_RVB-768x364.png 768w, https:\/\/barometremobilites-quotidien.org\/wp-content\/uploads\/2024\/05\/Auxilia_Logo_SOS_RVB-1536x727.png 1536w, https:\/\/barometremobilites-quotidien.org\/wp-content\/uploads\/2024\/05\/Auxilia_Logo_SOS_RVB-2048x970.png 2048w\" sizes=\"(max-width: 300px) 100vw, 300px\" \/>\t\t\t\t\t\t\t\t<\/a>\n\t\t\t\t\t\t\t\t\t\t\t\t\t<\/div>\n\t\t\t\t<\/div>\n\t\t\t\t\t<\/div>\n\t\t<\/div>\n\t\t\t\t<div class=\"elementor-column elementor-col-50 elementor-top-column elementor-element elementor-element-547c5f2\" data-id=\"547c5f2\" data-element_type=\"column\">\n\t\t\t<div class=\"elementor-widget-wrap elementor-element-populated\">\n\t\t\t\t\t\t<div class=\"elementor-element elementor-element-8597bb8 elementor-widget elementor-widget-text-editor\" data-id=\"8597bb8\" data-element_type=\"widget\" data-widget_type=\"text-editor.default\">\n\t\t\t\t<div class=\"elementor-widget-container\">\n\t\t\t\t\t\t\t<p><strong>Auxilia,<\/strong> cabinet conseil en transition \u00e9cologique et solidaire, propose d\u2019apporter son expertise sur : la mobilit\u00e9 inclusive des politiques publiques et pour l\u2019accompagnement d\u2019\u00e9tudes qualitatives et d\u2019innovations territoriales. Auxilia est une structure du Groupe SOS.<\/p>\t\t\t\t\t\t<\/div>\n\t\t\t\t<\/div>\n\t\t\t\t\t<\/div>\n\t\t<\/div>\n\t\t\t\t\t<\/div>\n\t\t<\/section>\n\t\t\t\t<section class=\"elementor-section elementor-top-section elementor-element elementor-element-501cf10 elementor-section-boxed elementor-section-height-default elementor-section-height-default\" data-id=\"501cf10\" data-element_type=\"section\">\n\t\t\t\t\t\t<div class=\"elementor-container elementor-column-gap-default\">\n\t\t\t\t\t<div class=\"elementor-column elementor-col-100 elementor-top-column elementor-element elementor-element-08a08aa\" data-id=\"08a08aa\" data-element_type=\"column\">\n\t\t\t<div class=\"elementor-widget-wrap elementor-element-populated\">\n\t\t\t\t\t\t<div class=\"elementor-element elementor-element-359d183 elementor-widget-divider--view-line elementor-widget elementor-widget-divider\" data-id=\"359d183\" data-element_type=\"widget\" data-widget_type=\"divider.default\">\n\t\t\t\t<div class=\"elementor-widget-container\">\n\t\t\t\t\t<div class=\"elementor-divider\">\n\t\t\t<span class=\"elementor-divider-separator\">\n\t\t\t\t\t\t<\/span>\n\t\t<\/div>\n\t\t\t\t<\/div>\n\t\t\t\t<\/div>\n\t\t\t\t\t<\/div>\n\t\t<\/div>\n\t\t\t\t\t<\/div>\n\t\t<\/section>\n\t\t\t\t<section class=\"elementor-section elementor-top-section elementor-element elementor-element-d17fb9b elementor-section-boxed elementor-section-height-default elementor-section-height-default\" data-id=\"d17fb9b\" data-element_type=\"section\">\n\t\t\t\t\t\t<div class=\"elementor-container elementor-column-gap-default\">\n\t\t\t\t\t<div class=\"elementor-column elementor-col-50 elementor-top-column elementor-element elementor-element-ce1cb56\" data-id=\"ce1cb56\" data-element_type=\"column\">\n\t\t\t<div class=\"elementor-widget-wrap elementor-element-populated\">\n\t\t\t\t\t\t<div class=\"elementor-element elementor-element-83911f4 elementor-widget elementor-widget-image\" data-id=\"83911f4\" data-element_type=\"widget\" data-widget_type=\"image.default\">\n\t\t\t\t<div class=\"elementor-widget-container\">\n\t\t\t\t\t\t\t\t\t\t\t\t\t\t<a href=\"https:\/\/www.tmo.fr\/\">\n\t\t\t\t\t\t\t<img loading=\"lazy\" decoding=\"async\" width=\"179\" height=\"168\" src=\"https:\/\/barometremobilites-quotidien.org\/wp-content\/uploads\/2024\/05\/Logo-TMO.jpg\" class=\"attachment-medium size-medium wp-image-1084\" alt=\"Logo TMO\" \/>\t\t\t\t\t\t\t\t<\/a>\n\t\t\t\t\t\t\t\t\t\t\t\t\t<\/div>\n\t\t\t\t<\/div>\n\t\t\t\t\t<\/div>\n\t\t<\/div>\n\t\t\t\t<div class=\"elementor-column elementor-col-50 elementor-top-column elementor-element elementor-element-fb2dd0d\" data-id=\"fb2dd0d\" data-element_type=\"column\">\n\t\t\t<div class=\"elementor-widget-wrap elementor-element-populated\">\n\t\t\t\t\t\t<div class=\"elementor-element elementor-element-ddaea5c elementor-widget elementor-widget-text-editor\" data-id=\"ddaea5c\" data-element_type=\"widget\" data-widget_type=\"text-editor.default\">\n\t\t\t\t<div class=\"elementor-widget-container\">\n\t\t\t\t\t\t\t<p>TMO est un institut d&rsquo;\u00e9tudes ind\u00e9pendant et propose un hub de solutions et d&rsquo;expertises facilitant compr\u00e9hension et prises de d\u00e9cision des acteurs publics et priv\u00e9s. TMO propose une diversit\u00e9 de solutions et d\u2019approches m\u00e9thodologiques : enqu\u00eates quantitatives, analyses de data, \u00e9tudes qualitatives et d\u00e9marches participatives.<\/p>\t\t\t\t\t\t<\/div>\n\t\t\t\t<\/div>\n\t\t\t\t\t<\/div>\n\t\t<\/div>\n\t\t\t\t\t<\/div>\n\t\t<\/section>\n\t\t\t\t<section class=\"elementor-section elementor-top-section elementor-element elementor-element-5faed95 elementor-section-boxed elementor-section-height-default elementor-section-height-default\" data-id=\"5faed95\" data-element_type=\"section\">\n\t\t\t\t\t\t<div class=\"elementor-container elementor-column-gap-default\">\n\t\t\t\t\t<div class=\"elementor-column elementor-col-50 elementor-top-column elementor-element elementor-element-415a577\" data-id=\"415a577\" data-element_type=\"column\">\n\t\t\t<div class=\"elementor-widget-wrap elementor-element-populated\">\n\t\t\t\t\t\t<div class=\"elementor-element elementor-element-fd91056 elementor-widget elementor-widget-image\" data-id=\"fd91056\" data-element_type=\"widget\" data-widget_type=\"image.default\">\n\t\t\t\t<div class=\"elementor-widget-container\">\n\t\t\t\t\t\t\t\t\t\t\t\t\t<img loading=\"lazy\" decoding=\"async\" width=\"1024\" height=\"665\" src=\"https:\/\/barometremobilites-quotidien.org\/wp-content\/uploads\/2024\/09\/Logo-CR-Guadeloupe-1024x665.jpg\" class=\"attachment-large size-large wp-image-1437\" alt=\"\" srcset=\"https:\/\/barometremobilites-quotidien.org\/wp-content\/uploads\/2024\/09\/Logo-CR-Guadeloupe-1024x665.jpg 1024w, https:\/\/barometremobilites-quotidien.org\/wp-content\/uploads\/2024\/09\/Logo-CR-Guadeloupe-300x195.jpg 300w, https:\/\/barometremobilites-quotidien.org\/wp-content\/uploads\/2024\/09\/Logo-CR-Guadeloupe-768x499.jpg 768w, https:\/\/barometremobilites-quotidien.org\/wp-content\/uploads\/2024\/09\/Logo-CR-Guadeloupe.jpg 1450w\" sizes=\"(max-width: 1024px) 100vw, 1024px\" \/>\t\t\t\t\t\t\t\t\t\t\t\t\t<\/div>\n\t\t\t\t<\/div>\n\t\t\t\t\t<\/div>\n\t\t<\/div>\n\t\t\t\t<div class=\"elementor-column elementor-col-50 elementor-top-column elementor-element elementor-element-3ef4726\" data-id=\"3ef4726\" data-element_type=\"column\">\n\t\t\t<div class=\"elementor-widget-wrap elementor-element-populated\">\n\t\t\t\t\t\t<div class=\"elementor-element elementor-element-c087f9f elementor-widget elementor-widget-text-editor\" data-id=\"c087f9f\" data-element_type=\"widget\" data-widget_type=\"text-editor.default\">\n\t\t\t\t<div class=\"elementor-widget-container\">\n\t\t\t\t\t\t\t<p>\u00a0<\/p><p>Pour cette 3\u00e8me mesure de la mobilit\u00e9 du quotidien des Fran\u00e7ais.es, le D\u00e9partement de la Guadeloupe a souhait\u00e9 \u00eatre partenaire. Il poss\u00e8de ainsi une photographie\u00a0 des usages et des repr\u00e9sentations des Guadeloup\u00e9en.nes, \u00e9tude encore in\u00e9dite ce jour pour ce territoire.<\/p>\t\t\t\t\t\t<\/div>\n\t\t\t\t<\/div>\n\t\t\t\t\t<\/div>\n\t\t<\/div>\n\t\t\t\t\t<\/div>\n\t\t<\/section>\n\t\t\t\t<section class=\"elementor-section elementor-top-section elementor-element elementor-element-d7bb1f0 elementor-section-boxed elementor-section-height-default elementor-section-height-default\" data-id=\"d7bb1f0\" data-element_type=\"section\">\n\t\t\t\t\t\t<div class=\"elementor-container elementor-column-gap-default\">\n\t\t\t\t\t<div class=\"elementor-column elementor-col-100 elementor-top-column elementor-element elementor-element-0b49092\" data-id=\"0b49092\" data-element_type=\"column\">\n\t\t\t<div class=\"elementor-widget-wrap elementor-element-populated\">\n\t\t\t\t\t\t<div class=\"elementor-element elementor-element-43177be elementor-widget elementor-widget-spacer\" data-id=\"43177be\" data-element_type=\"widget\" data-widget_type=\"spacer.default\">\n\t\t\t\t<div class=\"elementor-widget-container\">\n\t\t\t\t\t<div class=\"elementor-spacer\">\n\t\t\t<div class=\"elementor-spacer-inner\"><\/div>\n\t\t<\/div>\n\t\t\t\t<\/div>\n\t\t\t\t<\/div>\n\t\t\t\t<div class=\"elementor-element elementor-element-b6157dd elementor-widget elementor-widget-heading\" data-id=\"b6157dd\" data-element_type=\"widget\" data-widget_type=\"heading.default\">\n\t\t\t\t<div class=\"elementor-widget-container\">\n\t\t\t<h3 class=\"elementor-heading-title elementor-size-default\">Partenaire des \u00e9ditions pr\u00e9c\u00e9dentes<\/h3>\t\t<\/div>\n\t\t\t\t<\/div>\n\t\t\t\t\t<\/div>\n\t\t<\/div>\n\t\t\t\t\t<\/div>\n\t\t<\/section>\n\t\t\t\t<section class=\"elementor-section elementor-top-section elementor-element elementor-element-5cb35d7 elementor-section-boxed elementor-section-height-default elementor-section-height-default\" data-id=\"5cb35d7\" data-element_type=\"section\">\n\t\t\t\t\t\t<div class=\"elementor-container elementor-column-gap-default\">\n\t\t\t\t\t<div class=\"elementor-column elementor-col-33 elementor-top-column elementor-element elementor-element-c6afd2b\" data-id=\"c6afd2b\" data-element_type=\"column\">\n\t\t\t<div class=\"elementor-widget-wrap elementor-element-populated\">\n\t\t\t\t\t\t<div class=\"elementor-element elementor-element-d227e9e elementor-widget elementor-widget-spacer\" data-id=\"d227e9e\" data-element_type=\"widget\" data-widget_type=\"spacer.default\">\n\t\t\t\t<div class=\"elementor-widget-container\">\n\t\t\t\t\t<div class=\"elementor-spacer\">\n\t\t\t<div class=\"elementor-spacer-inner\"><\/div>\n\t\t<\/div>\n\t\t\t\t<\/div>\n\t\t\t\t<\/div>\n\t\t\t\t<div class=\"elementor-element elementor-element-04191e7 elementor-widget elementor-widget-image\" data-id=\"04191e7\" data-element_type=\"widget\" data-widget_type=\"image.default\">\n\t\t\t\t<div class=\"elementor-widget-container\">\n\t\t\t\t\t\t\t\t\t\t\t\t\t<img loading=\"lazy\" decoding=\"async\" width=\"300\" height=\"112\" src=\"https:\/\/barometremobilites-quotidien.org\/wp-content\/uploads\/2020\/01\/logo-fnh-300x112.png\" class=\"attachment-medium size-medium wp-image-97\" alt=\"\" srcset=\"https:\/\/barometremobilites-quotidien.org\/wp-content\/uploads\/2020\/01\/logo-fnh-300x112.png 300w, https:\/\/barometremobilites-quotidien.org\/wp-content\/uploads\/2020\/01\/logo-fnh.png 630w\" sizes=\"(max-width: 300px) 100vw, 300px\" \/>\t\t\t\t\t\t\t\t\t\t\t\t\t<\/div>\n\t\t\t\t<\/div>\n\t\t\t\t\t<\/div>\n\t\t<\/div>\n\t\t\t\t<div class=\"elementor-column elementor-col-66 elementor-top-column elementor-element elementor-element-ed7b7fd\" data-id=\"ed7b7fd\" data-element_type=\"column\">\n\t\t\t<div class=\"elementor-widget-wrap elementor-element-populated\">\n\t\t\t\t\t\t<div class=\"elementor-element elementor-element-6e6ae2f elementor-widget elementor-widget-text-editor\" data-id=\"6e6ae2f\" data-element_type=\"widget\" data-widget_type=\"text-editor.default\">\n\t\t\t\t<div class=\"elementor-widget-container\">\n\t\t\t\t\t\t\t<p>La Fondation pour la Nature et l\u2019Homme (FNH) \u0153uvre pour que les solutions \u00e9cologiques deviennent la norme de nos vies, sans laisser personne de c\u00f4t\u00e9. En pla\u00e7ant l\u2019humain au c\u0153ur de nos actions, nous levons les blocages \u00e9conomiques, politiques, psychologiques et sociaux qui entravent cet horizon, seul choix d\u2019avenir.<\/p><p><strong>C&rsquo;est aux c\u00f4t\u00e9s de la FNH que Wimoov a cr\u00e9\u00e9 et co-port\u00e9 le Barom\u00e8tre des Mobilit\u00e9s du Quotidien avec sa premi\u00e8re \u00e9dition en 2020.<\/strong><\/p>\t\t\t\t\t\t<\/div>\n\t\t\t\t<\/div>\n\t\t\t\t\t<\/div>\n\t\t<\/div>\n\t\t\t\t\t<\/div>\n\t\t<\/section>\n\t\t\t\t<\/div>\n\t\t","protected":false},"excerpt":{"rendered":"<p>Un nouveau groupement de partenaires pour l&rsquo;\u00e9dition 2024 Depuis 25 ans, Wimoov porte le sujet d\u2019une mobilit\u00e9 durable et inclusive, c\u2019est-\u00e0-dire pens\u00e9e pour toutes les personnes en situation de fragilit\u00e9, en agissant sur les freins cognitifs, mat\u00e9riels ou financiers. Implant\u00e9es au c\u0153ur de 10 r\u00e9gions et de leurs bassins d\u2019emploi, ce sont 250 personnes qui [&hellip;]<\/p>\n","protected":false},"author":1,"featured_media":0,"parent":0,"menu_order":0,"comment_status":"closed","ping_status":"closed","template":"","meta":{"footnotes":""},"_links":{"self":[{"href":"https:\/\/barometremobilites-quotidien.org\/index.php\/wp-json\/wp\/v2\/pages\/28"}],"collection":[{"href":"https:\/\/barometremobilites-quotidien.org\/index.php\/wp-json\/wp\/v2\/pages"}],"about":[{"href":"https:\/\/barometremobilites-quotidien.org\/index.php\/wp-json\/wp\/v2\/types\/page"}],"author":[{"embeddable":true,"href":"https:\/\/barometremobilites-quotidien.org\/index.php\/wp-json\/wp\/v2\/users\/1"}],"replies":[{"embeddable":true,"href":"https:\/\/barometremobilites-quotidien.org\/index.php\/wp-json\/wp\/v2\/comments?post=28"}],"version-history":[{"count":164,"href":"https:\/\/barometremobilites-quotidien.org\/index.php\/wp-json\/wp\/v2\/pages\/28\/revisions"}],"predecessor-version":[{"id":1440,"href":"https:\/\/barometremobilites-quotidien.org\/index.php\/wp-json\/wp\/v2\/pages\/28\/revisions\/1440"}],"wp:attachment":[{"href":"https:\/\/barometremobilites-quotidien.org\/index.php\/wp-json\/wp\/v2\/media?parent=28"}],"curies":[{"name":"wp","href":"https:\/\/api.w.org\/{rel}","templated":true}]}}